{"id":635,"date":"2022-01-18T13:07:46","date_gmt":"2022-01-18T12:07:46","guid":{"rendered":"https:\/\/amazonkikolumna.pl\/?page_id=635"},"modified":"2022-01-18T13:07:46","modified_gmt":"2022-01-18T12:07:46","slug":"plan-pracy-stowarzyszenia-amazonek-lask-kolumna-na-2021-rok","status":"publish","type":"page","link":"https:\/\/amazonkikolumna.pl\/index.php\/plan-pracy-stowarzyszenia-amazonek-lask-kolumna-na-2021-rok\/","title":{"rendered":"PLAN PRACY STOWARZYSZENIA AMAZONEK \u0141ASK KOLUMNA  NA 2021 ROK"},"content":{"rendered":"<p><strong>Z powodu obowi\u0105zuj\u0105cych obostrze\u0144 epidemiologicznych i zachowaniem zasad bezpiecze\u0144stwa spowodowanego COVID-19 dzia\u0142alno\u015b\u0107 Stowarzyszenia prowadzona jest w tym okresie poprzez wsparcie telefoniczne, e-mail, przekazywanie informator\u00f3w, broszur i ulotek<\/strong><\/p>\n<table width=\"101%\">\n<tbody>\n<tr>\n<td width=\"44\"><strong>Lp.<\/strong><\/td>\n<td width=\"116\"><strong>Termin<\/strong><\/td>\n<td colspan=\"3\" width=\"525\"><strong>Dzia\u0142ania<\/strong><\/p>\n<p>&nbsp;<\/td>\n<\/tr>\n<tr>\n<td width=\"44\"><strong>\u00a01.<\/strong><\/td>\n<td width=\"116\"><strong>\u00a0Stycze\u0144<\/strong><\/td>\n<td colspan=\"3\" width=\"525\">\u00a0\u00a0 Dzia\u0142ania ograniczone\u00a0 z powodu pandemii coronawirusa<\/td>\n<\/tr>\n<tr>\n<td width=\"44\"><strong>2.<\/strong><\/td>\n<td width=\"116\"><strong>Luty<\/strong><\/td>\n<td colspan=\"3\" width=\"525\">\u00a0\u00a0 Dzia\u0142ania ograniczone\u00a0 z powodu pandemii coronawirusa<\/td>\n<\/tr>\n<tr>\n<td width=\"44\"><strong>3.<\/strong><\/td>\n<td width=\"116\"><strong>Marzec<\/strong><\/td>\n<td colspan=\"3\" width=\"525\">&nbsp;<\/p>\n<table width=\"101%\">\n<tbody>\n<tr>\n<td width=\"525\">\u00a0\u00a0 Dzia\u0142ania ograniczone\u00a0 z powodu pandemii coronawirusa<\/td>\n<\/tr>\n<\/tbody>\n<\/table>\n<p>&nbsp;<\/p>\n<p>&nbsp;<\/td>\n<\/tr>\n<tr>\n<td width=\"44\"><strong>4.<\/strong><\/td>\n<td width=\"116\"><strong>Kwiecie\u0144<\/strong><\/td>\n<td colspan=\"3\" width=\"525\">\u00a0\u00a0 Walne Zebranie Cz\u0142onk\u00f3w Stowarzyszenia.<\/p>\n<p>&nbsp;<\/td>\n<\/tr>\n<tr>\n<td width=\"44\"><strong>5.<\/strong><\/td>\n<td width=\"116\"><strong>Maj<\/strong><\/td>\n<td colspan=\"3\" width=\"525\">\u00a0 Zebranie cz\u0142onk\u00f3w.<\/p>\n<p>Wycieczka krajoznawczo-turystyczna do Krakowa (29.05.-\u00a0\u00a0\u00a0\u00a0 \u00a0\u00a0\u00a030.05.2021 r.)<\/td>\n<\/tr>\n<tr>\n<td width=\"44\"><strong>6.<\/strong><\/td>\n<td width=\"116\"><strong>Czerwiec<\/strong><\/td>\n<td colspan=\"3\" width=\"525\">\u00a0 Zebranie cz\u0142onk\u00f3w.<\/p>\n<p>Dni Otwarte 8,15,22,29.czerwca 2021 r. &#8211; dzia\u0142ania z zakresu profilaktyki raka piersi po\u0142\u0105czone z nauk\u0105 samobadania piersi na fantomach edukacyjnych w Centrum Us\u0142ug Wsp\u00f3lnych Powiatu \u0141askiego , ul. Warszawska 13 (dawna szko\u0142a \u201eElektryk\u201d).<\/p>\n<p>&nbsp;<\/td>\n<\/tr>\n<tr>\n<td width=\"44\"><strong>7.<\/strong><\/td>\n<td width=\"116\"><strong>\u00a0Lipiec<\/strong><\/td>\n<td colspan=\"3\" width=\"525\">\u00a0Przerwa wakacyjna.<\/td>\n<\/tr>\n<tr>\n<td width=\"44\"><strong>8.<\/strong><\/td>\n<td width=\"116\"><strong>\u00a0Sierpie\u0144<\/strong><\/td>\n<td colspan=\"3\" width=\"525\">\u00a0Imieniny, urodziny amazonek w Osadzie Rybackiej w Sereczynie ko\u0142o Pabianic \u00a0\u00a0na koniec sierpnia 2021r.<\/p>\n<p>&nbsp;<\/td>\n<\/tr>\n<tr>\n<td width=\"44\"><strong>9.<\/strong><\/td>\n<td width=\"116\"><strong>Wrzesie\u0144<\/strong><\/td>\n<td colspan=\"3\" width=\"525\">\u00a0Zebranie cz\u0142onk\u00f3w.<\/p>\n<p>Turnus rehabilitacyjno-wypoczynkowy (miejsce pozostaje do wyboru).<\/p>\n<p>&nbsp;<\/td>\n<\/tr>\n<tr>\n<td width=\"44\"><strong>10.<\/strong><\/td>\n<td width=\"116\"><strong>Pa\u017adziernik<\/strong><\/td>\n<td colspan=\"3\" width=\"525\">\u00a0Zebranie cz\u0142onk\u00f3w.<\/p>\n<p>Og\u00f3lnopolska Pielgrzymka Kobiet po Chorobie Nowotworowej<\/p>\n<p>do Cz\u0119stochowy na Jasn\u0105 G\u00f3r\u0119.<\/p>\n<p>Dzia\u0142ania z zakresu profilaktyki raka piersi w szko\u0142ach na terenie Powiatu \u0141askiego, w ko\u0142ach gospody\u0144 wiejskich , spotkania z kobietami z innych stowarzysze\u0144 dzia\u0142aj\u0105cych na terenie Powiatu \u0141askiego.<\/td>\n<\/tr>\n<tr>\n<td width=\"44\"><strong>11.<\/strong><\/td>\n<td width=\"116\"><strong>\u00a0Listopad<\/strong><\/td>\n<td colspan=\"3\" width=\"525\">\u00a0Zebranie cz\u0142onk\u00f3w.<\/td>\n<\/tr>\n<tr>\n<td width=\"44\"><strong>12.<\/strong><\/td>\n<td width=\"116\"><strong>\u00a0Grudzie\u0144<\/strong><\/td>\n<td colspan=\"3\" width=\"525\">\u00a0Uroczyste Spotkanie Wigilijne .<\/td>\n<\/tr>\n<tr>\n<td colspan=\"3\" width=\"339\">Programy realizowane w 2021 r.<\/p>\n<p>\u00b7\u00a0\u00a0\u00a0\u00a0\u00a0\u00a0\u00a0\u00a0 Spotkania na temat profilaktyki nowotwor\u00f3w piersi organizowane dla r\u00f3\u017cnych grup spo\u0142ecznych miasta i powiatu \u0141ask. Spotkania te b\u0119d\u0105 odbywa\u0142y si\u0119 w terminach uzgodnionych przez strony.<\/p>\n<p>&nbsp;<\/p>\n<p>\u00b7\u00a0\u00a0\u00a0\u00a0\u00a0\u00a0\u00a0\u00a0 Cotygodniowa (ka\u017cdy wtorek w godz. 16.00-17.00) rehabilitacja ruchowa finansowana przez Urz\u0105d Miejski w \u0141asku.<\/td>\n<td width=\"339\"><\/td>\n<td width=\"7\"><\/td>\n<\/tr>\n<\/tbody>\n<\/table>\n<p>&nbsp;<\/p>\n<p>Ponadto planujemy:<\/p>\n<ul>\n<li>Udzia\u0142 w szkoleniach organizowanych przez Federacje Stowarzysze\u0144 Amazonek w Poznaniu.<\/li>\n<\/ul>\n<ul>\n<li>Udzia\u0142 w spotkaniach, szkoleniach \u0141\u00f3dzkiej Unii Wojew\u00f3dzkiej 2 razy w roku.<\/li>\n<\/ul>\n<ul>\n<li>Udzia\u0142 w konkursach og\u0142aszanych przez samorz\u0105d wojew\u00f3dzki \u2013 Urz\u0105d Marsza\u0142kowski w \u0141odzi, samorz\u0105d gminny -Urz\u0105d Miejski w \u0141asku i inne.<\/li>\n<\/ul>\n<ul>\n<li>Udzia\u0142 w innych dzia\u0142aniach zwi\u0105zanych z dzia\u0142alno\u015bci\u0105 statutow\u0105 Stowarzyszenia.<\/li>\n<\/ul>\n<p><strong>Ze wzgl\u0119du na sytuacj\u0119 epidemiologiczn\u0105 plan pracy na 2021 rok b\u0119dzie ulega\u0142 modyfikacji w zale\u017cno\u015bci od wprowadzanych obostrze\u0144 epidemiologicznych.<\/strong><\/p>\n<p>Prezes Stowarzyszenia<\/p>\n<p>Amazonek \u0141ask-Kolumna<br \/>\n<strong>Jolanta Owczarek<\/strong><\/p>\n","protected":false},"excerpt":{"rendered":"<p>Z powodu obowi\u0105zuj\u0105cych obostrze\u0144 epidemiologicznych i zachowaniem zasad bezpiecze\u0144stwa spowodowanego COVID-19 dzia\u0142alno\u015b\u0107 Stowarzyszenia prowadzona jest w tym okresie poprzez wsparcie telefoniczne, e-mail, przekazywanie informator\u00f3w, broszur i ulotek Lp. Termin Dzia\u0142ania &nbsp; \u00a01. \u00a0Stycze\u0144 \u00a0\u00a0 Dzia\u0142ania ograniczone\u00a0 z powodu pandemii coronawirusa 2. Luty \u00a0\u00a0 Dzia\u0142ania ograniczone\u00a0 z powodu pandemii coronawirusa 3. Marzec &nbsp; \u00a0\u00a0 Dzia\u0142ania ograniczone\u00a0 z powodu pandemii coronawirusa &nbsp; &nbsp; 4. Kwiecie\u0144 \u00a0\u00a0 Walne Zebranie Cz\u0142onk\u00f3w Stowarzyszenia. &nbsp; 5. Maj \u00a0 Zebranie cz\u0142onk\u00f3w. Wycieczka krajoznawczo-turystyczna do Krakowa (29.05.-\u00a0\u00a0\u00a0\u00a0 \u00a0\u00a0\u00a030.05.2021 r.) 6. Czerwiec \u00a0 Zebranie cz\u0142onk\u00f3w. Dni Otwarte 8,15,22,29.czerwca 2021 r. &#8211; dzia\u0142ania z zakresu profilaktyki raka piersi po\u0142\u0105czone z [&hellip;]<\/p>\n","protected":false},"author":6,"featured_media":0,"parent":0,"menu_order":0,"comment_status":"closed","ping_status":"closed","template":"","meta":{"footnotes":""},"class_list":["post-635","page","type-page","status-publish","hentry","wpbf-post"],"yoast_head":"<!-- This site is optimized with the Yoast SEO plugin v26.8 - https:\/\/yoast.com\/product\/yoast-seo-wordpress\/ -->\n<title>PLAN PRACY STOWARZYSZENIA AMAZONEK \u0141ASK KOLUMNA NA 2021 ROK - Stowarzyszenie Amazonek \u0141ask-Kolumna<\/title>\n<meta name=\"robots\" content=\"index, follow, max-snippet:-1, max-image-preview:large, max-video-preview:-1\" \/>\n<link rel=\"canonical\" href=\"https:\/\/amazonkikolumna.pl\/index.php\/plan-pracy-stowarzyszenia-amazonek-lask-kolumna-na-2021-rok\/\" \/>\n<meta property=\"og:locale\" content=\"pl_PL\" \/>\n<meta property=\"og:type\" content=\"article\" \/>\n<meta property=\"og:title\" content=\"PLAN PRACY STOWARZYSZENIA AMAZONEK \u0141ASK KOLUMNA NA 2021 ROK - Stowarzyszenie Amazonek \u0141ask-Kolumna\" \/>\n<meta property=\"og:description\" content=\"Z powodu obowi\u0105zuj\u0105cych obostrze\u0144 epidemiologicznych i zachowaniem zasad bezpiecze\u0144stwa spowodowanego COVID-19 dzia\u0142alno\u015b\u0107 Stowarzyszenia prowadzona jest w tym okresie poprzez wsparcie telefoniczne, e-mail, przekazywanie informator\u00f3w, broszur i ulotek Lp. Termin Dzia\u0142ania &nbsp; \u00a01. \u00a0Stycze\u0144 \u00a0\u00a0 Dzia\u0142ania ograniczone\u00a0 z powodu pandemii coronawirusa 2. Luty \u00a0\u00a0 Dzia\u0142ania ograniczone\u00a0 z powodu pandemii coronawirusa 3. Marzec &nbsp; \u00a0\u00a0 Dzia\u0142ania ograniczone\u00a0 z powodu pandemii coronawirusa &nbsp; &nbsp; 4. Kwiecie\u0144 \u00a0\u00a0 Walne Zebranie Cz\u0142onk\u00f3w Stowarzyszenia. &nbsp; 5. Maj \u00a0 Zebranie cz\u0142onk\u00f3w. Wycieczka krajoznawczo-turystyczna do Krakowa (29.05.-\u00a0\u00a0\u00a0\u00a0 \u00a0\u00a0\u00a030.05.2021 r.) 6. Czerwiec \u00a0 Zebranie cz\u0142onk\u00f3w. Dni Otwarte 8,15,22,29.czerwca 2021 r. &#8211; dzia\u0142ania z zakresu profilaktyki raka piersi po\u0142\u0105czone z [&hellip;]\" \/>\n<meta property=\"og:url\" content=\"https:\/\/amazonkikolumna.pl\/index.php\/plan-pracy-stowarzyszenia-amazonek-lask-kolumna-na-2021-rok\/\" \/>\n<meta property=\"og:site_name\" content=\"Stowarzyszenie Amazonek \u0141ask-Kolumna\" \/>\n<meta name=\"twitter:card\" content=\"summary_large_image\" \/>\n<meta name=\"twitter:label1\" content=\"Szacowany czas czytania\" \/>\n\t<meta name=\"twitter:data1\" content=\"2 minuty\" \/>\n<script type=\"application\/ld+json\" class=\"yoast-schema-graph\">{\"@context\":\"https:\/\/schema.org\",\"@graph\":[{\"@type\":\"WebPage\",\"@id\":\"https:\/\/amazonkikolumna.pl\/index.php\/plan-pracy-stowarzyszenia-amazonek-lask-kolumna-na-2021-rok\/\",\"url\":\"https:\/\/amazonkikolumna.pl\/index.php\/plan-pracy-stowarzyszenia-amazonek-lask-kolumna-na-2021-rok\/\",\"name\":\"PLAN PRACY STOWARZYSZENIA AMAZONEK \u0141ASK KOLUMNA NA 2021 ROK - Stowarzyszenie Amazonek \u0141ask-Kolumna\",\"isPartOf\":{\"@id\":\"https:\/\/amazonkikolumna.pl\/#website\"},\"datePublished\":\"2022-01-18T12:07:46+00:00\",\"breadcrumb\":{\"@id\":\"https:\/\/amazonkikolumna.pl\/index.php\/plan-pracy-stowarzyszenia-amazonek-lask-kolumna-na-2021-rok\/#breadcrumb\"},\"inLanguage\":\"pl-PL\",\"potentialAction\":[{\"@type\":\"ReadAction\",\"target\":[\"https:\/\/amazonkikolumna.pl\/index.php\/plan-pracy-stowarzyszenia-amazonek-lask-kolumna-na-2021-rok\/\"]}]},{\"@type\":\"BreadcrumbList\",\"@id\":\"https:\/\/amazonkikolumna.pl\/index.php\/plan-pracy-stowarzyszenia-amazonek-lask-kolumna-na-2021-rok\/#breadcrumb\",\"itemListElement\":[{\"@type\":\"ListItem\",\"position\":1,\"name\":\"Strona g\u0142\u00f3wna\",\"item\":\"https:\/\/amazonkikolumna.pl\/\"},{\"@type\":\"ListItem\",\"position\":2,\"name\":\"PLAN PRACY STOWARZYSZENIA AMAZONEK \u0141ASK KOLUMNA NA 2021 ROK\"}]},{\"@type\":\"WebSite\",\"@id\":\"https:\/\/amazonkikolumna.pl\/#website\",\"url\":\"https:\/\/amazonkikolumna.pl\/\",\"name\":\"Stowarzyszenie Amazonek \u0141ask-Kolumna\",\"description\":\"\u201eCz\u0142owiek jest wielki nie przez to, co ma, nie przez to kim jest, lecz przez to, czym dzieli si\u0119 z innymi\u201d Jan Pawe\u0142 II\",\"publisher\":{\"@id\":\"https:\/\/amazonkikolumna.pl\/#organization\"},\"potentialAction\":[{\"@type\":\"SearchAction\",\"target\":{\"@type\":\"EntryPoint\",\"urlTemplate\":\"https:\/\/amazonkikolumna.pl\/?s={search_term_string}\"},\"query-input\":{\"@type\":\"PropertyValueSpecification\",\"valueRequired\":true,\"valueName\":\"search_term_string\"}}],\"inLanguage\":\"pl-PL\"},{\"@type\":\"Organization\",\"@id\":\"https:\/\/amazonkikolumna.pl\/#organization\",\"name\":\"Stowarzyszenie Amazonek \u0141ask-Kolumna\",\"url\":\"https:\/\/amazonkikolumna.pl\/\",\"logo\":{\"@type\":\"ImageObject\",\"inLanguage\":\"pl-PL\",\"@id\":\"https:\/\/amazonkikolumna.pl\/#\/schema\/logo\/image\/\",\"url\":\"https:\/\/amazonkikolumna.pl\/wp-content\/uploads\/2016\/03\/logo_federacja_header.gif\",\"contentUrl\":\"https:\/\/amazonkikolumna.pl\/wp-content\/uploads\/2016\/03\/logo_federacja_header.gif\",\"width\":94,\"height\":93,\"caption\":\"Stowarzyszenie Amazonek \u0141ask-Kolumna\"},\"image\":{\"@id\":\"https:\/\/amazonkikolumna.pl\/#\/schema\/logo\/image\/\"}}]}<\/script>\n<!-- \/ Yoast SEO plugin. -->","yoast_head_json":{"title":"PLAN PRACY STOWARZYSZENIA AMAZONEK \u0141ASK KOLUMNA NA 2021 ROK - Stowarzyszenie Amazonek \u0141ask-Kolumna","robots":{"index":"index","follow":"follow","max-snippet":"max-snippet:-1","max-image-preview":"max-image-preview:large","max-video-preview":"max-video-preview:-1"},"canonical":"https:\/\/amazonkikolumna.pl\/index.php\/plan-pracy-stowarzyszenia-amazonek-lask-kolumna-na-2021-rok\/","og_locale":"pl_PL","og_type":"article","og_title":"PLAN PRACY STOWARZYSZENIA AMAZONEK \u0141ASK KOLUMNA NA 2021 ROK - Stowarzyszenie Amazonek \u0141ask-Kolumna","og_description":"Z powodu obowi\u0105zuj\u0105cych obostrze\u0144 epidemiologicznych i zachowaniem zasad bezpiecze\u0144stwa spowodowanego COVID-19 dzia\u0142alno\u015b\u0107 Stowarzyszenia prowadzona jest w tym okresie poprzez wsparcie telefoniczne, e-mail, przekazywanie informator\u00f3w, broszur i ulotek Lp. Termin Dzia\u0142ania &nbsp; \u00a01. \u00a0Stycze\u0144 \u00a0\u00a0 Dzia\u0142ania ograniczone\u00a0 z powodu pandemii coronawirusa 2. Luty \u00a0\u00a0 Dzia\u0142ania ograniczone\u00a0 z powodu pandemii coronawirusa 3. Marzec &nbsp; \u00a0\u00a0 Dzia\u0142ania ograniczone\u00a0 z powodu pandemii coronawirusa &nbsp; &nbsp; 4. Kwiecie\u0144 \u00a0\u00a0 Walne Zebranie Cz\u0142onk\u00f3w Stowarzyszenia. &nbsp; 5. Maj \u00a0 Zebranie cz\u0142onk\u00f3w. Wycieczka krajoznawczo-turystyczna do Krakowa (29.05.-\u00a0\u00a0\u00a0\u00a0 \u00a0\u00a0\u00a030.05.2021 r.) 6. Czerwiec \u00a0 Zebranie cz\u0142onk\u00f3w. Dni Otwarte 8,15,22,29.czerwca 2021 r. &#8211; dzia\u0142ania z zakresu profilaktyki raka piersi po\u0142\u0105czone z [&hellip;]","og_url":"https:\/\/amazonkikolumna.pl\/index.php\/plan-pracy-stowarzyszenia-amazonek-lask-kolumna-na-2021-rok\/","og_site_name":"Stowarzyszenie Amazonek \u0141ask-Kolumna","twitter_card":"summary_large_image","twitter_misc":{"Szacowany czas czytania":"2 minuty"},"schema":{"@context":"https:\/\/schema.org","@graph":[{"@type":"WebPage","@id":"https:\/\/amazonkikolumna.pl\/index.php\/plan-pracy-stowarzyszenia-amazonek-lask-kolumna-na-2021-rok\/","url":"https:\/\/amazonkikolumna.pl\/index.php\/plan-pracy-stowarzyszenia-amazonek-lask-kolumna-na-2021-rok\/","name":"PLAN PRACY STOWARZYSZENIA AMAZONEK \u0141ASK KOLUMNA NA 2021 ROK - Stowarzyszenie Amazonek \u0141ask-Kolumna","isPartOf":{"@id":"https:\/\/amazonkikolumna.pl\/#website"},"datePublished":"2022-01-18T12:07:46+00:00","breadcrumb":{"@id":"https:\/\/amazonkikolumna.pl\/index.php\/plan-pracy-stowarzyszenia-amazonek-lask-kolumna-na-2021-rok\/#breadcrumb"},"inLanguage":"pl-PL","potentialAction":[{"@type":"ReadAction","target":["https:\/\/amazonkikolumna.pl\/index.php\/plan-pracy-stowarzyszenia-amazonek-lask-kolumna-na-2021-rok\/"]}]},{"@type":"BreadcrumbList","@id":"https:\/\/amazonkikolumna.pl\/index.php\/plan-pracy-stowarzyszenia-amazonek-lask-kolumna-na-2021-rok\/#breadcrumb","itemListElement":[{"@type":"ListItem","position":1,"name":"Strona g\u0142\u00f3wna","item":"https:\/\/amazonkikolumna.pl\/"},{"@type":"ListItem","position":2,"name":"PLAN PRACY STOWARZYSZENIA AMAZONEK \u0141ASK KOLUMNA NA 2021 ROK"}]},{"@type":"WebSite","@id":"https:\/\/amazonkikolumna.pl\/#website","url":"https:\/\/amazonkikolumna.pl\/","name":"Stowarzyszenie Amazonek \u0141ask-Kolumna","description":"\u201eCz\u0142owiek jest wielki nie przez to, co ma, nie przez to kim jest, lecz przez to, czym dzieli si\u0119 z innymi\u201d Jan Pawe\u0142 II","publisher":{"@id":"https:\/\/amazonkikolumna.pl\/#organization"},"potentialAction":[{"@type":"SearchAction","target":{"@type":"EntryPoint","urlTemplate":"https:\/\/amazonkikolumna.pl\/?s={search_term_string}"},"query-input":{"@type":"PropertyValueSpecification","valueRequired":true,"valueName":"search_term_string"}}],"inLanguage":"pl-PL"},{"@type":"Organization","@id":"https:\/\/amazonkikolumna.pl\/#organization","name":"Stowarzyszenie Amazonek \u0141ask-Kolumna","url":"https:\/\/amazonkikolumna.pl\/","logo":{"@type":"ImageObject","inLanguage":"pl-PL","@id":"https:\/\/amazonkikolumna.pl\/#\/schema\/logo\/image\/","url":"https:\/\/amazonkikolumna.pl\/wp-content\/uploads\/2016\/03\/logo_federacja_header.gif","contentUrl":"https:\/\/amazonkikolumna.pl\/wp-content\/uploads\/2016\/03\/logo_federacja_header.gif","width":94,"height":93,"caption":"Stowarzyszenie Amazonek \u0141ask-Kolumna"},"image":{"@id":"https:\/\/amazonkikolumna.pl\/#\/schema\/logo\/image\/"}}]}},"_links":{"self":[{"href":"https:\/\/amazonkikolumna.pl\/index.php\/wp-json\/wp\/v2\/pages\/635","targetHints":{"allow":["GET"]}}],"collection":[{"href":"https:\/\/amazonkikolumna.pl\/index.php\/wp-json\/wp\/v2\/pages"}],"about":[{"href":"https:\/\/amazonkikolumna.pl\/index.php\/wp-json\/wp\/v2\/types\/page"}],"author":[{"embeddable":true,"href":"https:\/\/amazonkikolumna.pl\/index.php\/wp-json\/wp\/v2\/users\/6"}],"replies":[{"embeddable":true,"href":"https:\/\/amazonkikolumna.pl\/index.php\/wp-json\/wp\/v2\/comments?post=635"}],"version-history":[{"count":1,"href":"https:\/\/amazonkikolumna.pl\/index.php\/wp-json\/wp\/v2\/pages\/635\/revisions"}],"predecessor-version":[{"id":636,"href":"https:\/\/amazonkikolumna.pl\/index.php\/wp-json\/wp\/v2\/pages\/635\/revisions\/636"}],"wp:attachment":[{"href":"https:\/\/amazonkikolumna.pl\/index.php\/wp-json\/wp\/v2\/media?parent=635"}],"curies":[{"name":"wp","href":"https:\/\/api.w.org\/{rel}","templated":true}]}}